{"id":216,"date":"2023-04-11T17:45:43","date_gmt":"2023-04-11T15:45:43","guid":{"rendered":"https:\/\/ambalgeri.esteri.it\/news\/dall_ambasciata\/"},"modified":"2023-06-16T10:30:21","modified_gmt":"2023-06-16T08:30:21","slug":"dall_ambasciata","status":"publish","type":"page","link":"https:\/\/ambalgeri.esteri.it\/fr\/news\/dall_ambasciata\/","title":{"rendered":"De l\u2019ambassade"},"content":{"rendered":"        <div class=\"row\">\n\t\t\t<!-- Ricerca sedi post -->\n\t\t\t<div class=\"col-12 mt-4\">\n\t\t\t  <div class=\"callout callout-highlight note ricerca-esteri p-4\">\n                    <div class=\"callout-title\">\n                        <svg class=\"icon\">\n                            <use xlink:href=\"https:\/\/ambalgeri.esteri.it\/wp-content\/themes\/sedi-tema\/assets\/svg\/sprites.svg#it-search\"><\/use>\n                        <\/svg>Entrez vos param\u00e8tres de recherche                    <\/div>\n                    <form id=\"searchFormPost\" name=\"form-search-post\" class=\"form-row align-items-center\" action=\"https:\/\/ambalgeri.esteri.it\/fr\/wp-json\/wp\/v2\/pages\/216\/\" method=\"GET\"> \n                        <!-- <div class=\"form-group pt-5\"> -->\n                            <!-- <input type=\"hidden\" id=\"lang\" name=\"lang\" value=\"\"> --> <!-- <\/div> -->\n\n                        <div class=\"it-datepicker-wrapper\">\n                            <div class=\"row\">\n                                <div class=\"form-group col-md-6\">\n                                    <label class=\"active\" for=\"date-init\">Du<\/label>\n                                    <input class=\"form-control\" name=\"date-init\" id=\"date-init\" type=\"date\" placeholder=\"gg\/mm\/aaaa\" value=\"\"lang=\"en-EN\">  \n                                <\/div>\n                                <div class=\"form-group col-md-6\">\n                                    <label class=\"active\" for=\"date-end\">Au<\/label>\n                                    <input class=\"form-control\" name=\"date-end\" id=\"date-end\" type=\"date\" placeholder=\"gg\/mm\/aaaa\" value=\"\">\n                                <\/div>\n                            <\/div>\n                        <\/div>\n                        <div class=\"form-group col-md-12 mt-3\">\n                            <label for=\"searchText\">Champ de recherche gratuit<\/label>\n                            <input type=\"text\" name=\"searchText\" class=\"form-control\" id=\"searchText\" value=\"\">\n                        <\/div>\n                        <div class=\"form-group col-md-4 offset-md-8 text-end\">\n                            <a href=\"https:\/\/ambalgeri.esteri.it\/fr\/news\/dall_ambasciata\/\" title=\"Form reset\" id=\"resetImput\" class=\"btn btn-outline-primary btn-xs\">Reset<\/a>\n                            <button type=\"submit\" class=\"btn btn-primary btn-xs\">Montrer les r\u00e9sultats<\/button>\n                        <\/div>\n                    <\/form>\n\t\t\t\t<\/div>\n\t\t\t<\/div>\n\t\t<\/div>\n                    \n            <div class=\"row\">\n                            <div class=\"col-12 mt-3\">\n                <!--start card-->\n                <div class=\"card-wrapper card-space\">\n                    <div class=\"card card-bg card-big border-bottom-card\">\n                        <div class=\"card-body \">\n                                                        <div class=\"category-top\">\n                                                                                                            <span class=\"\">\n                                        <svg class=\"icon icon-secondary\">\n                                            <use xlink:href=\"https:\/\/ambalgeri.esteri.it\/wp-content\/themes\/sedi-tema\/assets\/svg\/sprites.svg#it-calendar\"><\/use>\n                                        <\/svg> 28 August 2026                                    <\/span>\n                                                                    <\/div>\n                            <h5 class=\"card-title big-heading text-uppercase\"><a class=\"text-body text-decoration-none\" href=\"https:\/\/ambalgeri.esteri.it\/fr\/news\/dall_ambasciata\/2026\/08\/incendies-en-algerie-lambassade-ditalie-exprime-sa-solidarite-au-peuple-algerien\/\" title=\"Incendies en Alg\u00e9rie &#8211; l&#8217;Ambassade d&#8217;Italie exprime sa solidarit\u00e9 au peuple alg\u00e9rien\">Incendies en Alg\u00e9rie &#8211; l&#8217;Ambassade d&#8217;Italie exprime sa solidarit\u00e9 au peuple alg\u00e9rien<\/a><\/h5>\n                            <p class=\"card-text\">L\u2019Ambassade d\u2019Italie exprime sa profonde tristesse face aux pertes en vies humaines et aux importants d\u00e9g\u00e2ts caus\u00e9s par les incendies qui touchent actuellement plusieurs r\u00e9gions d\u2019Alg\u00e9rie. En ces heures difficiles, nous nous tenons aux c\u00f4t\u00e9s du peuple alg\u00e9rien et adressons nos condol\u00e9ances les plus sinc\u00e8res aux familles des victimes et \u00e0 l\u2019ensemble des personnes frapp\u00e9es [&hellip;]<\/p>\n                                <a title=\"Incendies en Alg\u00e9rie &#8211; l&#8217;Ambassade d&#8217;Italie exprime sa solidarit\u00e9 au peuple alg\u00e9rien\" class=\"read-more\" href=\"https:\/\/ambalgeri.esteri.it\/fr\/news\/dall_ambasciata\/2026\/08\/incendies-en-algerie-lambassade-ditalie-exprime-sa-solidarite-au-peuple-algerien\/\">\n                                    <span class=\"text\">Lire la suite<\/span>\n                                    <svg class=\"icon\">\n                                    <use xlink:href=\"https:\/\/ambalgeri.esteri.it\/wp-content\/themes\/sedi-tema\/assets\/svg\/sprites.svg#it-arrow-right\"><\/use>\n                                    <\/svg>\n                                <\/a>\n                                                    <\/div>\n                    <\/div>\n                <\/div>\n                <!--end card-->\n                <\/div><!-- col-12 .mt-3-->\n                            <div class=\"col-12 mt-3\">\n                <!--start card-->\n                <div class=\"card-wrapper card-space\">\n                    <div class=\"card card-bg card-big border-bottom-card\">\n                        <div class=\"card-body \">\n                                                        <div class=\"category-top\">\n                                                                                                            <span class=\"\">\n                                        <svg class=\"icon icon-secondary\">\n                                            <use xlink:href=\"https:\/\/ambalgeri.esteri.it\/wp-content\/themes\/sedi-tema\/assets\/svg\/sprites.svg#it-calendar\"><\/use>\n                                        <\/svg> 27 August 2026                                    <\/span>\n                                                                    <\/div>\n                            <h5 class=\"card-title big-heading text-uppercase\"><a class=\"text-body text-decoration-none\" href=\"https:\/\/ambalgeri.esteri.it\/fr\/news\/dall_ambasciata\/2026\/08\/visas-pour-etudes-2026-2027-precisions-sur-les-procedures-et-les-mesures-exceptionnelles-mises-en-place-par-lambassade\/\" title=\"VISAS POUR \u00c9TUDES 2026-2027 : PR\u00c9CISIONS SUR LES PROC\u00c9DURES ET LES MESURES EXCEPTIONNELLES MISES EN PLACE PAR L\u2019AMBASSADE\">VISAS POUR \u00c9TUDES 2026-2027 : PR\u00c9CISIONS SUR LES PROC\u00c9DURES ET LES MESURES EXCEPTIONNELLES MISES EN PLACE PAR L\u2019AMBASSADE<\/a><\/h5>\n                            <p class=\"card-text\">L\u2019Ambassade d\u2019Italie souhaite remercier les tr\u00e8s nombreux \u00e9tudiants alg\u00e9riens qui, cette ann\u00e9e encore, ont choisi l\u2019Italie pour leur parcours d\u2019\u00e9tudes. Le nombre particuli\u00e8rement \u00e9lev\u00e9 de demandes re\u00e7ues t\u00e9moigne du grand int\u00e9r\u00eat port\u00e9 au syst\u00e8me universitaire italien et aux possibilit\u00e9s de formation offertes par notre pays. Compte tenu du nombre important de demandes d\u2019information re\u00e7ues ces [&hellip;]<\/p>\n                                <a title=\"VISAS POUR \u00c9TUDES 2026-2027 : PR\u00c9CISIONS SUR LES PROC\u00c9DURES ET LES MESURES EXCEPTIONNELLES MISES EN PLACE PAR L\u2019AMBASSADE\" class=\"read-more\" href=\"https:\/\/ambalgeri.esteri.it\/fr\/news\/dall_ambasciata\/2026\/08\/visas-pour-etudes-2026-2027-precisions-sur-les-procedures-et-les-mesures-exceptionnelles-mises-en-place-par-lambassade\/\">\n                                    <span class=\"text\">Lire la suite<\/span>\n                                    <svg class=\"icon\">\n                                    <use xlink:href=\"https:\/\/ambalgeri.esteri.it\/wp-content\/themes\/sedi-tema\/assets\/svg\/sprites.svg#it-arrow-right\"><\/use>\n                                    <\/svg>\n                                <\/a>\n                                                    <\/div>\n                    <\/div>\n                <\/div>\n                <!--end card-->\n                <\/div><!-- col-12 .mt-3-->\n                            <div class=\"col-12 mt-3\">\n                <!--start card-->\n                <div class=\"card-wrapper card-space\">\n                    <div class=\"card card-bg card-big border-bottom-card\">\n                        <div class=\"card-body \">\n                                                        <div class=\"category-top\">\n                                                                                                            <span class=\"\">\n                                        <svg class=\"icon icon-secondary\">\n                                            <use xlink:href=\"https:\/\/ambalgeri.esteri.it\/wp-content\/themes\/sedi-tema\/assets\/svg\/sprites.svg#it-calendar\"><\/use>\n                                        <\/svg> 18 August 2026                                    <\/span>\n                                                                    <\/div>\n                            <h5 class=\"card-title big-heading text-uppercase\"><a class=\"text-body text-decoration-none\" href=\"https:\/\/ambalgeri.esteri.it\/fr\/news\/dall_ambasciata\/2026\/08\/4094\/\" title=\"Interview de l&#8217;Ambassadrice Alessandra Schiavo, accord\u00e9e au quotidien sportif &#8221; BOLA&#8221;\">Interview de l&#8217;Ambassadrice Alessandra Schiavo, accord\u00e9e au quotidien sportif &#8221; BOLA&#8221;<\/a><\/h5>\n                            <p class=\"card-text\">Les Jeux M\u00e9diterran\u00e9ens de Tarente, un nouveau pont entre nos peuples \u00c0 quelques jours de l\u2019ouverture des Jeux M\u00e9diterran\u00e9ens de Tarente, Bola a rencontr\u00e9 en exclusivit\u00e9 Son Excellence Alessandra Schiavo, Ambassadrice d\u2019Italie en Alg\u00e9rie, pour \u00e9voquer la vingti\u00e8me \u00e9dition de cette manifestation, qui se d\u00e9roulera du 21 ao\u00fbt au 3 septembre. L\u2019entretien s\u2019est d\u00e9roul\u00e9 dans [&hellip;]<\/p>\n                                <a title=\"Interview de l&#8217;Ambassadrice Alessandra Schiavo, accord\u00e9e au quotidien sportif &#8221; BOLA&#8221;\" class=\"read-more\" href=\"https:\/\/ambalgeri.esteri.it\/fr\/news\/dall_ambasciata\/2026\/08\/4094\/\">\n                                    <span class=\"text\">Lire la suite<\/span>\n                                    <svg class=\"icon\">\n                                    <use xlink:href=\"https:\/\/ambalgeri.esteri.it\/wp-content\/themes\/sedi-tema\/assets\/svg\/sprites.svg#it-arrow-right\"><\/use>\n                                    <\/svg>\n                                <\/a>\n                                                    <\/div>\n                    <\/div>\n                <\/div>\n                <!--end card-->\n                <\/div><!-- col-12 .mt-3-->\n                            <div class=\"col-12 mt-3\">\n                <!--start card-->\n                <div class=\"card-wrapper card-space\">\n                    <div class=\"card card-bg card-big border-bottom-card\">\n                        <div class=\"card-body \">\n                                                        <div class=\"category-top\">\n                                                                                                            <span class=\"\">\n                                        <svg class=\"icon icon-secondary\">\n                                            <use xlink:href=\"https:\/\/ambalgeri.esteri.it\/wp-content\/themes\/sedi-tema\/assets\/svg\/sprites.svg#it-calendar\"><\/use>\n                                        <\/svg> 13 August 2026                                    <\/span>\n                                                                    <\/div>\n                            <h5 class=\"card-title big-heading text-uppercase\"><a class=\"text-body text-decoration-none\" href=\"https:\/\/ambalgeri.esteri.it\/fr\/news\/dall_ambasciata\/2026\/08\/classement-definitif-des-bourses-detudes-attribuees-par-le-gouvernement-italien\/\" title=\"Classement d\u00e9finitif des bourses d\u2019\u00e9tudes attribu\u00e9es par le gouvernement italien\">Classement d\u00e9finitif des bourses d\u2019\u00e9tudes attribu\u00e9es par le gouvernement italien<\/a><\/h5>\n                            <p class=\"card-text\">L\u2019Institut Culturel Italien d\u2019Alger a le plaisir de publier le classement d\u00e9finitif des bourses d\u2019\u00e9tudes attribu\u00e9es par l\u2019\u00c9tat italien aux \u00e9tudiant\u00b7e\u00b7s \u00e9tranger\u00b7\u00e8re\u00b7s qui, pour l\u2019ann\u00e9e universitaire 2026-2027, ont l\u2019intention de suivre des cours ou de mener des activit\u00e9s de recherche dans des universit\u00e9s ou des \u00e9tablissements d\u2019enseignement sup\u00e9rieur italiens. Pour consulter le classement, cliquez ici [&hellip;]<\/p>\n                                <a title=\"Classement d\u00e9finitif des bourses d\u2019\u00e9tudes attribu\u00e9es par le gouvernement italien\" class=\"read-more\" href=\"https:\/\/ambalgeri.esteri.it\/fr\/news\/dall_ambasciata\/2026\/08\/classement-definitif-des-bourses-detudes-attribuees-par-le-gouvernement-italien\/\">\n                                    <span class=\"text\">Lire la suite<\/span>\n                                    <svg class=\"icon\">\n                                    <use xlink:href=\"https:\/\/ambalgeri.esteri.it\/wp-content\/themes\/sedi-tema\/assets\/svg\/sprites.svg#it-arrow-right\"><\/use>\n                                    <\/svg>\n                                <\/a>\n                                                    <\/div>\n                    <\/div>\n                <\/div>\n                <!--end card-->\n                <\/div><!-- col-12 .mt-3-->\n                            <div class=\"col-12 mt-3\">\n                <!--start card-->\n                <div class=\"card-wrapper card-space\">\n                    <div class=\"card card-bg card-big border-bottom-card\">\n                        <div class=\"card-body \">\n                                                        <div class=\"category-top\">\n                                                                                                            <span class=\"\">\n                                        <svg class=\"icon icon-secondary\">\n                                            <use xlink:href=\"https:\/\/ambalgeri.esteri.it\/wp-content\/themes\/sedi-tema\/assets\/svg\/sprites.svg#it-calendar\"><\/use>\n                                        <\/svg> 13 July 2026                                    <\/span>\n                                                                    <\/div>\n                            <h5 class=\"card-title big-heading text-uppercase\"><a class=\"text-body text-decoration-none\" href=\"https:\/\/ambalgeri.esteri.it\/fr\/news\/dall_ambasciata\/2026\/07\/lambassade-ditalie-a-alger-accueille-le-spectacle-la-nostalgie-de-labsolu\/\" title=\"L\u2019Ambassade d\u2019Italie \u00e0 Alger accueille le spectacle \u00ab La nostalgie de l\u2019absolu \u00bb\">L\u2019Ambassade d\u2019Italie \u00e0 Alger accueille le spectacle \u00ab La nostalgie de l\u2019absolu \u00bb<\/a><\/h5>\n                            <p class=\"card-text\">Le mercredi 8 juillet, le Th\u00e9\u00e2tre de l\u2019Ambassade \u00e0 Alger a accueilli le spectacle du Duo Gazzana \u00ab La nostalgie de l\u2019absolu \u00bb, r\u00e9alis\u00e9 en collaboration avec l\u2019Institut Culturel Italien d\u2019Alger. Le Duo Gazzana, compos\u00e9 des s\u0153urs Natascia (au violon) et Raffaella (au piano), connu pour son r\u00e9pertoire raffin\u00e9, a altern\u00e9 des compositions de Bach [&hellip;]<\/p>\n                                <a title=\"L\u2019Ambassade d\u2019Italie \u00e0 Alger accueille le spectacle \u00ab La nostalgie de l\u2019absolu \u00bb\" class=\"read-more\" href=\"https:\/\/ambalgeri.esteri.it\/fr\/news\/dall_ambasciata\/2026\/07\/lambassade-ditalie-a-alger-accueille-le-spectacle-la-nostalgie-de-labsolu\/\">\n                                    <span class=\"text\">Lire la suite<\/span>\n                                    <svg class=\"icon\">\n                                    <use xlink:href=\"https:\/\/ambalgeri.esteri.it\/wp-content\/themes\/sedi-tema\/assets\/svg\/sprites.svg#it-arrow-right\"><\/use>\n                                    <\/svg>\n                                <\/a>\n                                                    <\/div>\n                    <\/div>\n                <\/div>\n                <!--end card-->\n                <\/div><!-- col-12 .mt-3-->\n                            <div class=\"col-12 mt-3\">\n                <!--start card-->\n                <div class=\"card-wrapper card-space\">\n                    <div class=\"card card-bg card-big border-bottom-card\">\n                        <div class=\"card-body \">\n                                                        <div class=\"category-top\">\n                                                                                                            <span class=\"\">\n                                        <svg class=\"icon icon-secondary\">\n                                            <use xlink:href=\"https:\/\/ambalgeri.esteri.it\/wp-content\/themes\/sedi-tema\/assets\/svg\/sprites.svg#it-calendar\"><\/use>\n                                        <\/svg> 2 July 2026                                    <\/span>\n                                                                    <\/div>\n                            <h5 class=\"card-title big-heading text-uppercase\"><a class=\"text-body text-decoration-none\" href=\"https:\/\/ambalgeri.esteri.it\/fr\/news\/dall_ambasciata\/2026\/07\/dal-9-luglio-2026-lalgeria-adotta-lapostille-semplificate-le-procedure-per-i-documenti-pubblici\/\" title=\"\u00c0 compter du 9 juillet 2026, l&#8217;Alg\u00e9rie adopte l&#8217;Apostille : simplification des proc\u00e9dures applicables aux documents publics\">\u00c0 compter du 9 juillet 2026, l&#8217;Alg\u00e9rie adopte l&#8217;Apostille : simplification des proc\u00e9dures applicables aux documents publics<\/a><\/h5>\n                            <p class=\"card-text\">\u00c0 partir du\u00a09 juillet 2026, la\u00a0Convention de La Haye du 5 octobre 1961\u00a0supprimant l&#8217;exigence de la l\u00e9galisation des actes publics \u00e9trangers entrera en vigueur en Alg\u00e9rie. Pour les documents publics d\u00e9livr\u00e9s par les autorit\u00e9s alg\u00e9riennes destin\u00e9s \u00e0 \u00eatre utilis\u00e9s dans les \u00c9tats parties \u00e0 la Convention, dont l&#8217;Italie,\u00a0l&#8217;Apostille remplacera la proc\u00e9dure traditionnelle de l\u00e9galisation consulaire, [&hellip;]<\/p>\n                                <a title=\"\u00c0 compter du 9 juillet 2026, l&#8217;Alg\u00e9rie adopte l&#8217;Apostille : simplification des proc\u00e9dures applicables aux documents publics\" class=\"read-more\" href=\"https:\/\/ambalgeri.esteri.it\/fr\/news\/dall_ambasciata\/2026\/07\/dal-9-luglio-2026-lalgeria-adotta-lapostille-semplificate-le-procedure-per-i-documenti-pubblici\/\">\n                                    <span class=\"text\">Lire la suite<\/span>\n                                    <svg class=\"icon\">\n                                    <use xlink:href=\"https:\/\/ambalgeri.esteri.it\/wp-content\/themes\/sedi-tema\/assets\/svg\/sprites.svg#it-arrow-right\"><\/use>\n                                    <\/svg>\n                                <\/a>\n                                                    <\/div>\n                    <\/div>\n                <\/div>\n                <!--end card-->\n                <\/div><!-- col-12 .mt-3-->\n                            <div class=\"col-12 mt-3\">\n                <!--start card-->\n                <div class=\"card-wrapper card-space\">\n                    <div class=\"card card-bg card-big border-bottom-card\">\n                        <div class=\"card-body \">\n                                                        <div class=\"category-top\">\n                                                                                                            <span class=\"\">\n                                        <svg class=\"icon icon-secondary\">\n                                            <use xlink:href=\"https:\/\/ambalgeri.esteri.it\/wp-content\/themes\/sedi-tema\/assets\/svg\/sprites.svg#it-calendar\"><\/use>\n                                        <\/svg> 3 June 2026                                    <\/span>\n                                                                    <\/div>\n                            <h5 class=\"card-title big-heading text-uppercase\"><a class=\"text-body text-decoration-none\" href=\"https:\/\/ambalgeri.esteri.it\/fr\/news\/dall_ambasciata\/2026\/06\/celebration-du-80%e1%b5%89-anniversaire-de-la-fete-de-la-republique-a-lambassade-ditalie-a-alger\/\" title=\"C\u00e9l\u00e9bration du 80\u1d49 anniversaire de la F\u00eate de la R\u00e9publique \u00e0 l\u2019Ambassade d\u2019Italie \u00e0 Alger.\">C\u00e9l\u00e9bration du 80\u1d49 anniversaire de la F\u00eate de la R\u00e9publique \u00e0 l\u2019Ambassade d\u2019Italie \u00e0 Alger.<\/a><\/h5>\n                            <p class=\"card-text\">Le mardi 2 juin, \u00e0 la Villa Hesperia, r\u00e9sidence de l\u2019Ambassadrice d\u2019Italie en Alg\u00e9rie, Alessandra Schiavo, se sont d\u00e9roul\u00e9es les c\u00e9l\u00e9brations du 80\u1d49 anniversaire de la R\u00e9publique italienne, r\u00e9unissant environ 1 400 invit\u00e9s, parmi lesquels des repr\u00e9sentants des institutions alg\u00e9riennes, du corps diplomatique, de la communaut\u00e9 italienne ainsi que des milieux \u00e9conomiques et culturels des [&hellip;]<\/p>\n                                <a title=\"C\u00e9l\u00e9bration du 80\u1d49 anniversaire de la F\u00eate de la R\u00e9publique \u00e0 l\u2019Ambassade d\u2019Italie \u00e0 Alger.\" class=\"read-more\" href=\"https:\/\/ambalgeri.esteri.it\/fr\/news\/dall_ambasciata\/2026\/06\/celebration-du-80%e1%b5%89-anniversaire-de-la-fete-de-la-republique-a-lambassade-ditalie-a-alger\/\">\n                                    <span class=\"text\">Lire la suite<\/span>\n                                    <svg class=\"icon\">\n                                    <use xlink:href=\"https:\/\/ambalgeri.esteri.it\/wp-content\/themes\/sedi-tema\/assets\/svg\/sprites.svg#it-arrow-right\"><\/use>\n                                    <\/svg>\n                                <\/a>\n                                                    <\/div>\n                    <\/div>\n                <\/div>\n                <!--end card-->\n                <\/div><!-- col-12 .mt-3-->\n                            <div class=\"col-12 mt-3\">\n                <!--start card-->\n                <div class=\"card-wrapper card-space\">\n                    <div class=\"card card-bg card-big border-bottom-card\">\n                        <div class=\"card-body \">\n                                                        <div class=\"category-top\">\n                                                                                                            <span class=\"\">\n                                        <svg class=\"icon icon-secondary\">\n                                            <use xlink:href=\"https:\/\/ambalgeri.esteri.it\/wp-content\/themes\/sedi-tema\/assets\/svg\/sprites.svg#it-calendar\"><\/use>\n                                        <\/svg> 20 October 2025                                    <\/span>\n                                                                    <\/div>\n                            <h5 class=\"card-title big-heading text-uppercase\"><a class=\"text-body text-decoration-none\" href=\"https:\/\/ambalgeri.esteri.it\/fr\/news\/dall_ambasciata\/2025\/10\/avis-de-recrutement-employee-administratifve-sous-contrat-a-duree-indeterminee\/\" title=\"Avis de recrutement \u2013 Employ\u00e9(e) administratif(ve) sous contrat \u00e0 dur\u00e9e ind\u00e9termin\u00e9e\">Avis de recrutement \u2013 Employ\u00e9(e) administratif(ve) sous contrat \u00e0 dur\u00e9e ind\u00e9termin\u00e9e<\/a><\/h5>\n                            <p class=\"card-text\">L\u2019Ambassade d\u2019Italie \u00e0 Alger et l\u2019Institut Culturel Italien d\u2019Alger informent qu\u2019une proc\u00e9dure de recrutement a \u00e9t\u00e9 lanc\u00e9e pour\u00a0un poste d\u2019employ\u00e9(e) administratif(ve) dans le domaine de la comptabilit\u00e9, des manifestations culturelles et de la traduction, au sein de l\u2019Institut Culturel Italien. La date limite de d\u00e9p\u00f4t des candidatures est fix\u00e9e au 3 novembre 2025 \u00e0 23h59 [&hellip;]<\/p>\n                                <a title=\"Avis de recrutement \u2013 Employ\u00e9(e) administratif(ve) sous contrat \u00e0 dur\u00e9e ind\u00e9termin\u00e9e\" class=\"read-more\" href=\"https:\/\/ambalgeri.esteri.it\/fr\/news\/dall_ambasciata\/2025\/10\/avis-de-recrutement-employee-administratifve-sous-contrat-a-duree-indeterminee\/\">\n                                    <span class=\"text\">Lire la suite<\/span>\n                                    <svg class=\"icon\">\n                                    <use xlink:href=\"https:\/\/ambalgeri.esteri.it\/wp-content\/themes\/sedi-tema\/assets\/svg\/sprites.svg#it-arrow-right\"><\/use>\n                                    <\/svg>\n                                <\/a>\n                                                    <\/div>\n                    <\/div>\n                <\/div>\n                <!--end card-->\n                <\/div><!-- col-12 .mt-3-->\n                            <div class=\"col-12 mt-3\">\n                <!--start card-->\n                <div class=\"card-wrapper card-space\">\n                    <div class=\"card card-bg card-big border-bottom-card\">\n                        <div class=\"card-body \">\n                                                        <div class=\"category-top\">\n                                                                                                            <span class=\"\">\n                                        <svg class=\"icon icon-secondary\">\n                                            <use xlink:href=\"https:\/\/ambalgeri.esteri.it\/wp-content\/themes\/sedi-tema\/assets\/svg\/sprites.svg#it-calendar\"><\/use>\n                                        <\/svg> 2 September 2025                                    <\/span>\n                                                                    <\/div>\n                            <h5 class=\"card-title big-heading text-uppercase\"><a class=\"text-body text-decoration-none\" href=\"https:\/\/ambalgeri.esteri.it\/fr\/news\/dall_ambasciata\/2025\/09\/nouvelles-modalites-dattribution-du-code-fiscal\/\" title=\"Nouvelles modalit\u00e9s d\u2019attribution du code fiscal\">Nouvelles modalit\u00e9s d\u2019attribution du code fiscal<\/a><\/h5>\n                            <p class=\"card-text\">Le code fiscal, qui constitue le moyen\u00a0 d\u2019identification du citoyen dans les rapports avec les organismes et les administrations publiques italiennes, il est \u00e9mit par l\u2019agence des imp\u00f4ts. Il est possible de le demander \u00e0 l\u2019\u00e9tranger par l\u2019interm\u00e9diaire du bureau consulaire aussi bien par les\u00a0 italiens que par les \u00e9trangers. L\u2019attribution du code fiscal est [&hellip;]<\/p>\n                                <a title=\"Nouvelles modalit\u00e9s d\u2019attribution du code fiscal\" class=\"read-more\" href=\"https:\/\/ambalgeri.esteri.it\/fr\/news\/dall_ambasciata\/2025\/09\/nouvelles-modalites-dattribution-du-code-fiscal\/\">\n                                    <span class=\"text\">Lire la suite<\/span>\n                                    <svg class=\"icon\">\n                                    <use xlink:href=\"https:\/\/ambalgeri.esteri.it\/wp-content\/themes\/sedi-tema\/assets\/svg\/sprites.svg#it-arrow-right\"><\/use>\n                                    <\/svg>\n                                <\/a>\n                                                    <\/div>\n                    <\/div>\n                <\/div>\n                <!--end card-->\n                <\/div><!-- col-12 .mt-3-->\n                            <div class=\"col-12 mt-3\">\n                <!--start card-->\n                <div class=\"card-wrapper card-space\">\n                    <div class=\"card card-bg card-big border-bottom-card\">\n                        <div class=\"card-body \">\n                                                        <div class=\"category-top\">\n                                                                                                            <span class=\"\">\n                                        <svg class=\"icon icon-secondary\">\n                                            <use xlink:href=\"https:\/\/ambalgeri.esteri.it\/wp-content\/themes\/sedi-tema\/assets\/svg\/sprites.svg#it-calendar\"><\/use>\n                                        <\/svg> 18 June 2025                                    <\/span>\n                                                                    <\/div>\n                            <h5 class=\"card-title big-heading text-uppercase\"><a class=\"text-body text-decoration-none\" href=\"https:\/\/ambalgeri.esteri.it\/fr\/news\/dall_ambasciata\/2025\/06\/ice-algeri-segretario-a-receptionist-a-tempo-indeterminato\/\" title=\"ICE Algeri &#8211; Segretario\/a &#8211; receptionist (a tempo indeterminato)\">ICE Algeri &#8211; Segretario\/a &#8211; receptionist (a tempo indeterminato)<\/a><\/h5>\n                            <p class=\"card-text\">Avviso procedura di selezione (IT\/FR)\u00a0\u00a0Scad. 30 giugno 2025 &#8211; Exp. 30 juin 2025 &nbsp; ICE Algeri &#8211; Annuncio Offerta di Impiego Segretario in IT e FR_pdf &nbsp;<\/p>\n                                <a title=\"ICE Algeri &#8211; Segretario\/a &#8211; receptionist (a tempo indeterminato)\" class=\"read-more\" href=\"https:\/\/ambalgeri.esteri.it\/fr\/news\/dall_ambasciata\/2025\/06\/ice-algeri-segretario-a-receptionist-a-tempo-indeterminato\/\">\n                                    <span class=\"text\">Lire la suite<\/span>\n                                    <svg class=\"icon\">\n                                    <use xlink:href=\"https:\/\/ambalgeri.esteri.it\/wp-content\/themes\/sedi-tema\/assets\/svg\/sprites.svg#it-arrow-right\"><\/use>\n                                    <\/svg>\n                                <\/a>\n                                                    <\/div>\n                    <\/div>\n                <\/div>\n                <!--end card-->\n                <\/div><!-- col-12 .mt-3-->\n            \n            <div class=\"col-md-12 mt-4 pb-4\">\n                <nav class=\"navigation col-md-12\" aria-label=\"Navigation\">\n                    <h2 class=\"screen-reader-text visually-hidden\">Pagination<\/h2>\n                    <div class=\"nav-links\">\n                    <span aria-current=\"page\" class=\"page-numbers current\">1<\/span>\n<a class=\"page-numbers\" href=\"https:\/\/ambalgeri.esteri.it\/fr\/wp-json\/wp\/v2\/pages\/216\/?pag=2\">2<\/a>\n<a class=\"page-numbers\" href=\"https:\/\/ambalgeri.esteri.it\/fr\/wp-json\/wp\/v2\/pages\/216\/?pag=3\">3<\/a>\n<span class=\"page-numbers dots\">&hellip;<\/span>\n<a class=\"page-numbers\" href=\"https:\/\/ambalgeri.esteri.it\/fr\/wp-json\/wp\/v2\/pages\/216\/?pag=14\">14<\/a>\n<a class=\"next page-numbers\" href=\"https:\/\/ambalgeri.esteri.it\/fr\/wp-json\/wp\/v2\/pages\/216\/?pag=2\"><svg class=\"icon icon-primary\"><use xlink:href=\"https:\/\/ambalgeri.esteri.it\/wp-content\/themes\/sedi-tema\/assets\/svg\/sprites.svg#it-chevron-right\"><\/use><\/svg>\n                                    <span class=\"visually-hidden\">Page suivante<\/span><\/a>                    <\/div>\n                <\/nav>\n            <\/div>   <!--.col-md-12 -->\n              <\/div><!--.row -->\n              \n","protected":false},"excerpt":{"rendered":"","protected":false},"author":1,"featured_media":0,"parent":215,"menu_order":0,"comment_status":"closed","ping_status":"closed","template":"","meta":{"footnotes":""},"class_list":["post-216","page","type-page","status-publish","hentry"],"_links":{"self":[{"href":"https:\/\/ambalgeri.esteri.it\/fr\/wp-json\/wp\/v2\/pages\/216","targetHints":{"allow":["GET"]}}],"collection":[{"href":"https:\/\/ambalgeri.esteri.it\/fr\/wp-json\/wp\/v2\/pages"}],"about":[{"href":"https:\/\/ambalgeri.esteri.it\/fr\/wp-json\/wp\/v2\/types\/page"}],"author":[{"embeddable":true,"href":"https:\/\/ambalgeri.esteri.it\/fr\/wp-json\/wp\/v2\/users\/1"}],"replies":[{"embeddable":true,"href":"https:\/\/ambalgeri.esteri.it\/fr\/wp-json\/wp\/v2\/comments?post=216"}],"version-history":[{"count":2,"href":"https:\/\/ambalgeri.esteri.it\/fr\/wp-json\/wp\/v2\/pages\/216\/revisions"}],"predecessor-version":[{"id":286,"href":"https:\/\/ambalgeri.esteri.it\/fr\/wp-json\/wp\/v2\/pages\/216\/revisions\/286"}],"up":[{"embeddable":true,"href":"https:\/\/ambalgeri.esteri.it\/fr\/wp-json\/wp\/v2\/pages\/215"}],"wp:attachment":[{"href":"https:\/\/ambalgeri.esteri.it\/fr\/wp-json\/wp\/v2\/media?parent=216"}],"curies":[{"name":"wp","href":"https:\/\/api.w.org\/{rel}","templated":true}]}}