{"id":757,"date":"2023-09-10T18:32:10","date_gmt":"2023-09-10T16:32:10","guid":{"rendered":"https:\/\/ambalgeri.esteri.it\/?page_id=757"},"modified":"2023-09-10T18:43:37","modified_gmt":"2023-09-10T16:43:37","slug":"link-utili","status":"publish","type":"page","link":"https:\/\/ambalgeri.esteri.it\/fr\/italia-e-algeria\/diplomazia-economica\/fare-affari-in-italia\/link-utili\/","title":{"rendered":"Liens utiles"},"content":{"rendered":"<p class=\"boxLevel03\"><strong><a href=\"https:\/\/ambalgeri.esteri.it\/resource\/2005\/03\/81_f_amb61item098.gif\" target=\"_blank\" rel=\"noopener\"><img decoding=\"async\" src=\"https:\/\/ambalgeri.esteri.it\/resource\/2005\/03\/81_f_amb61item099.gif\" alt=\"\" border=\"0\" \/><\/a> <\/strong><a href=\"http:\/\/www.ice.gov.it\/default2.htm\"><strong>ICE, <\/strong><\/a><strong><a class=\"active\" title=\"Institut de Commerce Ext\u00e9rieure\" href=\"https:\/\/ambalgeri.esteri.it\/ambasciata_algeri\/fr\/informazioni_e_servizi\/fare_affari_in_italia\/link_utili\/ice\">Institut de Commerce Ext\u00e9rieure<\/a><\/strong><\/p>\n<p>L&#8217;ICE \u00e8 l&#8217;Ente pubblico che ha il compito di sviluppare, agevolare e promuovere i rapporti economici e commerciali italiani con l&#8217;estero, con particolare attenzione alle esigenze delle piccole e medie imprese, dei loro consorzi e raggruppamenti.<br \/>\nLa rete ICE nel mondo assicura la presenza dell\u2019Istituto in 80 paesi attraverso l\u2019attivit\u00e0 di 81 uffici e 23 punti di corrispondenza, avamposti operativi dislocati anche in aree remote ma di interesse strategico.<br \/>\nLe attivit\u00e0 delle unit\u00e0 operative ICE all\u2019estero sono finalizzate a fornire servizi di assistenza\/consulenza, sviluppare azioni promozionali a favore delle singole imprese e del Sistema Italia, produrre informazioni sul Paese, sulle opportunit\u00e0 commerciali, sulle gare internazionali, sugli investimenti da e per l\u2019Italia.<\/p>\n<p>&nbsp;<\/p>\n<p class=\"boxLevel03\"><strong><a href=\"https:\/\/ambalgeri.esteri.it\/resource\/2005\/03\/81_f_amb61item098.gif\" target=\"_blank\" rel=\"noopener\"><img decoding=\"async\" src=\"https:\/\/ambalgeri.esteri.it\/resource\/2005\/03\/81_f_amb61item099.gif\" alt=\"\" border=\"0\" \/><\/a> <a href=\"http:\/\/www.confindustria.it\/\" target=\"_blank\" rel=\"noopener\">Confindustria (<em>Conf\u00e9d\u00e9ration National du Patronat<\/em>), Organizzazione rappresentativa delle imprese manifatturiere di servizi in Italia<\/a><\/strong><\/p>\n<p>Fondata nel 1910, Confindustria \u00e8 la principale organizzazione rappresentativa delle imprese manufatturiere e di servizi in Italia.<br \/>\nRaggruppa, su base volontaria, pi\u00f9 di 115.000 imprese di tutte le dimensioni per un totale di circa 4.300.000 addetti.<br \/>\nConfindustria, in base al suo statuto, si propone di contribuire, insieme alle istituzioni politiche e alle organizzazioni economiche, sociali e culturali, nazionali ed internazionali, alla crescita economica e al progresso sociale del paese.<\/p>\n<p>&nbsp;<\/p>\n<p class=\"boxLevel03\"><strong><a href=\"https:\/\/ambalgeri.esteri.it\/resource\/2005\/03\/81_f_amb61item098.gif\" target=\"_blank\" rel=\"noopener\"><img decoding=\"async\" src=\"https:\/\/ambalgeri.esteri.it\/resource\/2005\/03\/81_f_amb61item099.gif\" alt=\"\" border=\"0\" \/><\/a> <\/strong><a href=\"http:\/\/www.unioncamere.it\/\" target=\"_blank\" rel=\"noopener\"><strong>Unioncamere (<em>Union des chambres de commerce, de l&#8217;industrie et de l&#8217;artisanat<\/em>), Unione italiana delle Camere di Commercio Industria e Artigianato<\/strong><\/a><\/p>\n<p>L&#8217;Unione cura e rappresenta gli interessi generali delle Camere di Commercio, punto di riferimento per i settori produttivi, sia a livello locale sia nazionale ed internazionale. Inoltre:<br \/>\n\u2022 promuove, realizza e gestisce, direttamente o per il tramite di proprie aziende speciali, servizi e attivit\u00e0 d&#8217;interesse delle Camere di commercio e delle categorie economiche;<br \/>\n\u2022 punta a consolidare e sviluppare la collaborazione con la rete delle CCIE;<br \/>\n\u2022 facilita l&#8217;accesso, con tecnologie all&#8217;avanguardia, a iniziative e programmi comunitari, favorendo accordi internazionali per promuovere l&#8217;Italia nel mondo.<\/p>\n<p>&nbsp;<\/p>\n<p class=\"boxLevel03\"><strong><a href=\"https:\/\/ambalgeri.esteri.it\/resource\/2005\/03\/81_f_amb61item098.gif\" target=\"_blank\" rel=\"noopener\"><img decoding=\"async\" src=\"https:\/\/ambalgeri.esteri.it\/resource\/2005\/03\/81_f_amb61item099.gif\" alt=\"\" border=\"0\" \/><\/a> <\/strong><a href=\"http:\/\/www.assocamerestero.it\/\" target=\"_blank\" rel=\"noopener\"><strong>Assocamerestero (<em>Association de chambres \u00e0 l\u2019\u00e9tranger<\/em>), associazione delle Camere di Commercio Italiane nel mondo<\/strong><\/a><\/p>\n<p>Assocamerestero \u00e8 nata per valorizzare e sviluppare le attivit\u00e0 delle Camere, diffondendo interesse e conoscenza sulla rete e sulle sue peculiarit\u00e0 presso le istituzioni italiane ed internazionali e presso le organizzazioni imprenditoriali. L&#8217;Associazione:<br \/>\n&#8211; rappresenta le esigenze e le potenzialit\u00e0 di servizio delle CCIE;<br \/>\n&#8211; ricerca collaborazioni ed alleanze strategiche con soggetti ed enti pubblici e privati per favorire la conoscenza e l\u00b4utilizzo della rete delle CCIE;<br \/>\n&#8211; sintetizza le esperienze e il know-how acquisito dai diversi \u201dnodi\u201d;<br \/>\n&#8211; promuove e diffonde programmi e progetti in una logica di rete;<br \/>\n&#8211; promuove e diffonde una aggiornata cultura informatica;<br \/>\n&#8211; svolge azioni di comunicazione verso i media italiani, le istituzioni, le imprese;<br \/>\n&#8211; promuove ed eroga formazione manageriale;<br \/>\n&#8211; assiste i promotori di nuove Camere all\u00b4estero;<br \/>\n&#8211; svolge attivit\u00e0 di networking con gli altri sistemi camerali bi-nazionali europei.<\/p>\n<p>&nbsp;<\/p>\n<p class=\"boxLevel03\"><strong><a href=\"https:\/\/ambalgeri.esteri.it\/resource\/2005\/03\/81_f_amb61item098.gif\" target=\"_blank\" rel=\"noopener\"><img decoding=\"async\" src=\"https:\/\/ambalgeri.esteri.it\/resource\/2005\/03\/81_f_amb61item099.gif\" alt=\"\" border=\"0\" \/><\/a>\u00a0<a title=\"Vai al sito della Confapi\" href=\"http:\/\/www.confapi.it\/\" target=\"_blank\" rel=\"noopener\">CONFAPI, Confederazione Italiana della Piccola e Media Industria<\/a><\/strong><\/p>\n<p>La Confapi \u00e8 cresciuta accanto alla piccola impresa italiana ed \u00e8 oggi una realt\u00e0 consolidata che rappresenta\u00a0oltre 50mila aziende con circa un milione di addetti.<\/p>\n<p>Finalit\u00e0 istituzionali della Confapi sono la difesa degli interessi e la valorizzazione dell&#8217;industria italiana di piccola e media dimensione. Le iniziative e i programmi sono svolti con l&#8217;obiettivo di favorire lo sviluppo economico e civile del Paese, in collegamento con le organizzazioni ed istituzioni nazionali ed europee.<\/p>\n<p>La Confederazione svolge il proprio ruolo di rappresentanza e di proposta a favore della piccola e media industria, sostenendo una politica economica nazionale, che faciliti la crescita imprenditoriale.<\/p>\n<p>&nbsp;<\/p>\n<p class=\"boxLevel03\"><strong><a href=\"https:\/\/ambalgeri.esteri.it\/resource\/2005\/03\/81_f_amb61item098.gif\" target=\"_blank\" rel=\"noopener\"><img decoding=\"async\" src=\"https:\/\/ambalgeri.esteri.it\/resource\/2005\/03\/81_f_amb61item099.gif\" alt=\"\" border=\"0\" \/><\/a>\u00a0<a href=\"http:\/\/www.informest.it\/\">Informest, Centro di Servizi e Documentazione per la Cooperazione Economica Internazionale<\/a><\/strong><\/p>\n<p>&nbsp;<\/p>\n<p class=\"boxLevel03\"><strong><a href=\"https:\/\/ambalgeri.esteri.it\/resource\/2005\/03\/81_f_amb61item098.gif\" target=\"_blank\" rel=\"noopener\"><img decoding=\"async\" src=\"https:\/\/ambalgeri.esteri.it\/resource\/2005\/03\/81_f_amb61item099.gif\" alt=\"\" border=\"0\" \/><\/a>\u00a0<a title=\"Vai al sito del Formez\" href=\"http:\/\/www.formez.it\/\" target=\"_blank\" rel=\"noopener\">Formez, Centro di Formazione e Studi<\/a><\/strong><\/p>\n<p>&nbsp;<\/p>\n<p class=\"boxLevel03\"><strong><a href=\"https:\/\/ambalgeri.esteri.it\/resource\/2005\/03\/81_f_amb61item098.gif\" target=\"_blank\" rel=\"noopener\"><img decoding=\"async\" src=\"https:\/\/ambalgeri.esteri.it\/resource\/2005\/03\/81_f_amb61item099.gif\" alt=\"\" border=\"0\" \/><\/a>\u00a0<a title=\"Vai al sito della Sace\" href=\"http:\/\/www.sace.it\/\" target=\"_blank\" rel=\"noopener\">Sace, Servizi Assicurativi del Commercio Estero<\/a><\/strong><\/p>\n<p>&nbsp;<\/p>\n<p class=\"boxLevel03\"><strong><a href=\"https:\/\/ambalgeri.esteri.it\/resource\/2005\/03\/81_f_amb61item098.gif\" target=\"_blank\" rel=\"noopener\"><img decoding=\"async\" src=\"https:\/\/ambalgeri.esteri.it\/resource\/2005\/03\/81_f_amb61item099.gif\" alt=\"\" border=\"0\" \/><\/a>\u00a0<a title=\"Vai al sito del Simest\" href=\"http:\/\/www.simest.it\/\" target=\"_blank\" rel=\"noopener\">SIMEST, Finanziaria di sviluppo e promozione delle imprese italiane all&#8217;estero<\/a><\/strong><\/p>\n<p>&nbsp;<\/p>\n<p><strong>Les sites Internet des R\u00e9gions d&#8217;Italie:<\/strong><\/p>\n<p class=\"boxLevel03\"><strong><a href=\"https:\/\/ambalgeri.esteri.it\/resource\/2005\/03\/81_f_amb61item098.gif\" target=\"_blank\" rel=\"noopener\"><img decoding=\"async\" src=\"https:\/\/ambalgeri.esteri.it\/resource\/2005\/03\/81_f_amb61item099.gif\" alt=\"\" border=\"0\" \/><\/a>\u00a0<\/strong><a href=\"http:\/\/www.regione.abruzzo.it\/\"><strong>Abruzzo<\/strong><\/a><\/p>\n<p class=\"boxLevel03\"><strong><a href=\"https:\/\/ambalgeri.esteri.it\/resource\/2005\/03\/81_f_amb61item098.gif\" target=\"_blank\" rel=\"noopener\"><img decoding=\"async\" src=\"https:\/\/ambalgeri.esteri.it\/resource\/2005\/03\/81_f_amb61item099.gif\" alt=\"\" border=\"0\" \/><\/a>\u00a0<\/strong><a href=\"http:\/\/www.regione.basilicata.it\/\"><strong>Basilicata<\/strong><\/a><\/p>\n<p class=\"boxLevel03\"><strong><a href=\"https:\/\/ambalgeri.esteri.it\/resource\/2005\/03\/81_f_amb61item098.gif\" target=\"_blank\" rel=\"noopener\"><img decoding=\"async\" src=\"https:\/\/ambalgeri.esteri.it\/resource\/2005\/03\/81_f_amb61item099.gif\" alt=\"\" border=\"0\" \/><\/a>\u00a0<\/strong><a href=\"http:\/\/www.regione.calabria.it\/\"><strong>Calabria<\/strong><\/a><\/p>\n<p class=\"boxLevel03\"><strong><a href=\"https:\/\/ambalgeri.esteri.it\/resource\/2005\/03\/81_f_amb61item098.gif\" target=\"_blank\" rel=\"noopener\"><img decoding=\"async\" src=\"https:\/\/ambalgeri.esteri.it\/resource\/2005\/03\/81_f_amb61item099.gif\" alt=\"\" border=\"0\" \/><\/a>\u00a0<\/strong><a href=\"http:\/\/www.regione.campania.it\/\"><strong>Campania<\/strong><\/a><\/p>\n<p class=\"boxLevel03\"><strong><a href=\"https:\/\/ambalgeri.esteri.it\/resource\/2005\/03\/81_f_amb61item098.gif\" target=\"_blank\" rel=\"noopener\"><img decoding=\"async\" src=\"https:\/\/ambalgeri.esteri.it\/resource\/2005\/03\/81_f_amb61item099.gif\" alt=\"\" border=\"0\" \/><\/a>\u00a0<\/strong><a href=\"http:\/\/www.regione.emilia-romagna.it\/\"><strong>Emilia Romagna<\/strong><\/a><\/p>\n<p class=\"boxLevel03\"><strong><a href=\"https:\/\/ambalgeri.esteri.it\/resource\/2005\/03\/81_f_amb61item098.gif\" target=\"_blank\" rel=\"noopener\"><img decoding=\"async\" src=\"https:\/\/ambalgeri.esteri.it\/resource\/2005\/03\/81_f_amb61item099.gif\" alt=\"\" border=\"0\" \/><\/a>\u00a0<\/strong><a href=\"http:\/\/www.regionefvg.it\/\"><strong>Friuli Venezia Giulia<\/strong><\/a><\/p>\n<p class=\"boxLevel03\"><strong><a href=\"https:\/\/ambalgeri.esteri.it\/resource\/2005\/03\/81_f_amb61item098.gif\" target=\"_blank\" rel=\"noopener\"><img decoding=\"async\" src=\"https:\/\/ambalgeri.esteri.it\/resource\/2005\/03\/81_f_amb61item099.gif\" alt=\"\" border=\"0\" \/><\/a>\u00a0<\/strong><a href=\"http:\/\/www.regione.lazio.it\/\"><strong>Lazio<\/strong><\/a><\/p>\n<p class=\"boxLevel03\"><strong><a href=\"https:\/\/ambalgeri.esteri.it\/resource\/2005\/03\/81_f_amb61item098.gif\" target=\"_blank\" rel=\"noopener\"><img decoding=\"async\" src=\"https:\/\/ambalgeri.esteri.it\/resource\/2005\/03\/81_f_amb61item099.gif\" alt=\"\" border=\"0\" \/><\/a>\u00a0<\/strong><a href=\"http:\/\/www.regione.liguria.it\/\"><strong>Liguria<\/strong><\/a><\/p>\n<p class=\"boxLevel03\"><strong><a href=\"https:\/\/ambalgeri.esteri.it\/resource\/2005\/03\/81_f_amb61item098.gif\" target=\"_blank\" rel=\"noopener\"><img decoding=\"async\" src=\"https:\/\/ambalgeri.esteri.it\/resource\/2005\/03\/81_f_amb61item099.gif\" alt=\"\" border=\"0\" \/><\/a>\u00a0<\/strong><a href=\"http:\/\/www.regione.lombardia.it\/\"><strong>Lombardia<\/strong><\/a><\/p>\n<p class=\"boxLevel03\"><strong><a href=\"https:\/\/ambalgeri.esteri.it\/resource\/2005\/03\/81_f_amb61item098.gif\" target=\"_blank\" rel=\"noopener\"><img decoding=\"async\" src=\"https:\/\/ambalgeri.esteri.it\/resource\/2005\/03\/81_f_amb61item099.gif\" alt=\"\" border=\"0\" \/><\/a>\u00a0<\/strong><a href=\"http:\/\/www.regione.marche.it\/\"><strong>Marche<\/strong><\/a><\/p>\n<p class=\"boxLevel03\"><strong><a href=\"https:\/\/ambalgeri.esteri.it\/resource\/2005\/03\/81_f_amb61item098.gif\" target=\"_blank\" rel=\"noopener\"><img decoding=\"async\" src=\"https:\/\/ambalgeri.esteri.it\/resource\/2005\/03\/81_f_amb61item099.gif\" alt=\"\" border=\"0\" \/><\/a>\u00a0<\/strong><a href=\"http:\/\/www.regione.molise.it\/\"><strong>Molise<\/strong><\/a><\/p>\n<p class=\"boxLevel03\"><strong><a href=\"https:\/\/ambalgeri.esteri.it\/resource\/2005\/03\/81_f_amb61item098.gif\" target=\"_blank\" rel=\"noopener\"><img decoding=\"async\" src=\"https:\/\/ambalgeri.esteri.it\/resource\/2005\/03\/81_f_amb61item099.gif\" alt=\"\" border=\"0\" \/><\/a>\u00a0<\/strong><a href=\"http:\/\/www.regione.piemonte.it\/\"><strong>Piemonte<\/strong><\/a><\/p>\n<p class=\"boxLevel03\"><strong><a href=\"https:\/\/ambalgeri.esteri.it\/resource\/2005\/03\/81_f_amb61item098.gif\" target=\"_blank\" rel=\"noopener\"><img decoding=\"async\" src=\"https:\/\/ambalgeri.esteri.it\/resource\/2005\/03\/81_f_amb61item099.gif\" alt=\"\" border=\"0\" \/><\/a>\u00a0<\/strong><a href=\"http:\/\/www.regione.puglia.it\/\"><strong>Puglia<\/strong><\/a><\/p>\n<p class=\"boxLevel03\"><strong><a href=\"https:\/\/ambalgeri.esteri.it\/resource\/2005\/03\/81_f_amb61item098.gif\" target=\"_blank\" rel=\"noopener\"><img decoding=\"async\" src=\"https:\/\/ambalgeri.esteri.it\/resource\/2005\/03\/81_f_amb61item099.gif\" alt=\"\" border=\"0\" \/><\/a>\u00a0<\/strong><a href=\"http:\/\/www.regione.sardegna.it\/\"><strong>Sardegna<\/strong><\/a><\/p>\n<p class=\"boxLevel03\"><strong><a href=\"https:\/\/ambalgeri.esteri.it\/resource\/2005\/03\/81_f_amb61item098.gif\" target=\"_blank\" rel=\"noopener\"><img decoding=\"async\" src=\"https:\/\/ambalgeri.esteri.it\/resource\/2005\/03\/81_f_amb61item099.gif\" alt=\"\" border=\"0\" \/><\/a>\u00a0<\/strong><a href=\"http:\/\/www.regione.sicilia.it\/\"><strong>Sicilia<\/strong><\/a><\/p>\n<p class=\"boxLevel03\"><strong><a href=\"https:\/\/ambalgeri.esteri.it\/resource\/2005\/03\/81_f_amb61item098.gif\" target=\"_blank\" rel=\"noopener\"><img decoding=\"async\" src=\"https:\/\/ambalgeri.esteri.it\/resource\/2005\/03\/81_f_amb61item099.gif\" alt=\"\" border=\"0\" \/><\/a>\u00a0<\/strong><a href=\"http:\/\/www.regione.toscana.it\/\"><strong>Toscana<\/strong><\/a><\/p>\n<p class=\"boxLevel03\"><strong><a href=\"https:\/\/ambalgeri.esteri.it\/resource\/2005\/03\/81_f_amb61item098.gif\" target=\"_blank\" rel=\"noopener\"><img decoding=\"async\" src=\"https:\/\/ambalgeri.esteri.it\/resource\/2005\/03\/81_f_amb61item099.gif\" alt=\"\" border=\"0\" \/><\/a>\u00a0<\/strong><a href=\"http:\/\/www.regione.taa.it\/\"><strong>Trentino Alto Adige<\/strong><\/a><\/p>\n<p class=\"boxLevel03\"><strong><a href=\"https:\/\/ambalgeri.esteri.it\/resource\/2005\/03\/81_f_amb61item098.gif\" target=\"_blank\" rel=\"noopener\"><img decoding=\"async\" src=\"https:\/\/ambalgeri.esteri.it\/resource\/2005\/03\/81_f_amb61item099.gif\" alt=\"\" border=\"0\" \/><\/a>\u00a0<\/strong><a href=\"http:\/\/www.regione.umbria.it\/\"><strong>Umbria<\/strong><\/a><\/p>\n<p class=\"boxLevel03\"><strong><a href=\"https:\/\/ambalgeri.esteri.it\/resource\/2005\/03\/81_f_amb61item098.gif\" target=\"_blank\" rel=\"noopener\"><img decoding=\"async\" src=\"https:\/\/ambalgeri.esteri.it\/resource\/2005\/03\/81_f_amb61item099.gif\" alt=\"\" border=\"0\" \/><\/a>\u00a0<\/strong><a href=\"http:\/\/www.regione.vda.it\/\"><strong>Valle d&#8217;Aosta<\/strong><\/a><\/p>\n<p class=\"boxLevel03\"><strong><a href=\"https:\/\/ambalgeri.esteri.it\/resource\/2005\/03\/81_f_amb61item098.gif\" target=\"_blank\" rel=\"noopener\"><img decoding=\"async\" src=\"https:\/\/ambalgeri.esteri.it\/resource\/2005\/03\/81_f_amb61item099.gif\" alt=\"\" border=\"0\" \/><\/a>\u00a0<\/strong><a href=\"http:\/\/www.regione.veneto.it\/\"><strong>Veneto<\/strong><\/a><\/p>\n","protected":false},"excerpt":{"rendered":"ICE, Institut de Commerce Ext\u00e9rieure L&#8217;ICE \u00e8 l&#8217;Ente pubblico che ha il compito di sviluppare, agevolare e promuovere i rapporti economici e commerciali italiani con l&#8217;estero, con particolare attenzione alle esigenze delle piccole e medie imprese, dei loro consorzi e raggruppamenti. La rete ICE nel mondo assicura la presenza dell\u2019Istituto in 80 paesi attraverso l\u2019attivit\u00e0 [&hellip;]","protected":false},"author":4,"featured_media":0,"parent":240,"menu_order":0,"comment_status":"closed","ping_status":"closed","template":"","meta":{"footnotes":""},"class_list":["post-757","page","type-page","status-publish","hentry"],"_links":{"self":[{"href":"https:\/\/ambalgeri.esteri.it\/fr\/wp-json\/wp\/v2\/pages\/757","targetHints":{"allow":["GET"]}}],"collection":[{"href":"https:\/\/ambalgeri.esteri.it\/fr\/wp-json\/wp\/v2\/pages"}],"about":[{"href":"https:\/\/ambalgeri.esteri.it\/fr\/wp-json\/wp\/v2\/types\/page"}],"author":[{"embeddable":true,"href":"https:\/\/ambalgeri.esteri.it\/fr\/wp-json\/wp\/v2\/users\/4"}],"replies":[{"embeddable":true,"href":"https:\/\/ambalgeri.esteri.it\/fr\/wp-json\/wp\/v2\/comments?post=757"}],"version-history":[{"count":2,"href":"https:\/\/ambalgeri.esteri.it\/fr\/wp-json\/wp\/v2\/pages\/757\/revisions"}],"predecessor-version":[{"id":759,"href":"https:\/\/ambalgeri.esteri.it\/fr\/wp-json\/wp\/v2\/pages\/757\/revisions\/759"}],"up":[{"embeddable":true,"href":"https:\/\/ambalgeri.esteri.it\/fr\/wp-json\/wp\/v2\/pages\/240"}],"wp:attachment":[{"href":"https:\/\/ambalgeri.esteri.it\/fr\/wp-json\/wp\/v2\/media?parent=757"}],"curies":[{"name":"wp","href":"https:\/\/api.w.org\/{rel}","templated":true}]}}